{"id":306,"date":"2023-10-11T14:34:24","date_gmt":"2023-10-11T14:34:24","guid":{"rendered":"https:\/\/tp1.forschungsgruppe-pronomen.de\/?page_id=306"},"modified":"2024-03-13T15:53:20","modified_gmt":"2024-03-13T15:53:20","slug":"publikationen","status":"publish","type":"page","link":"https:\/\/tp5.forschungsgruppe-pronomen.de\/en\/publikationen\/","title":{"rendered":"Publications"},"content":{"rendered":"<p><strong>Publications <\/strong><\/p>\n\n\n\n<p>in Bearbeitung<\/p>\n\n\n\n<p><strong>Presentations <\/strong><\/p>\n\n\n\n<ul class=\"wp-block-list\">\n<li>Pronomengebrauch im Deutsch und Koreanischen: Zur Verwendung von&nbsp;<em>wir<\/em>&nbsp;und&nbsp;<em>wuli<\/em>&nbsp;in schriftbasierter Messenger-Kommunikation.&nbsp;Vortrag bei der Tagung&nbsp;<em>Konzepte der gebrauchsbasierten Pronomenbeschreibung \u2013 Chancen sprachkontrastiver Betrachtungen<\/em>, Universit\u00e4t Hamburg&nbsp;23.11.2023 [Irina Mostovaia &amp; Marie-Louise Bartsch gemeinsam mit Arum Park &amp; Soonha Hwang].<\/li>\n\n\n\n<li>Ellipsis of the subject pronoun <em>ich<\/em> (\u2018<em>I<\/em>\u2019) in German WhatsApp chats: A usage-based approach. Posterpr\u00e4sentation auf der&nbsp;<em>Computer-Mediated Communication and Social Media Corpora Conference<\/em>, Universit\u00e4t Mannheim und IDS, 15.09.2023 [Irina Mostovaia &amp; Marie-Louise Bartsch].<\/li>\n\n\n\n<li>From context to constructions? A usage-based approach on German <em>wollen wir<\/em> and <em>sollen wir<\/em> question formats in written interactions. Vortrag im Rahmen der 18th International Pragmatics Conference, Br\u00fcssel,&nbsp;10.07.2023 [Marie-Louise Bartsch].<\/li>\n\n\n\n<li><em>Ich, wir, ihr<\/em>&nbsp;und&nbsp;<em>die anderen<\/em>: Praktiken der pronominalen Personenreferenz in WhatsApp-Gruppenchats. Vortrag im Rahmen des linguistischen Forschungskaleidoskops an der Universit\u00e4t Hamburg, 07.07.2023 [Irina Mostovaia].<\/li>\n\n\n\n<li><em>Wollte ja nur fragen \ud83d\ude09<\/em>&nbsp;\u2013 formale und funktionale Aspekte pronominaler Subjektellipsen in verbal schriftlicher Interaktion. Vortrag im Rahmen des Norddeutschen Linguistischen Kolloquium an der Universit\u00e4t Potsdam, 23.03.2023 [Marie-Louise Bartsch].<\/li>\n<\/ul>\n\n\n\n<p><strong>Workshops <\/strong><\/p>\n\n\n\n<ul class=\"wp-block-list\">\n<li>Organisation der <em><a href=\"https:\/\/kategorisieren-und-kodieren.com\/anmelden\/\" data-type=\"link\" data-id=\"https:\/\/kategorisieren-und-kodieren.com\/anmelden\/\">GAL Research School<\/a><\/em>: Kategorisieren und Kodieren in der Gespr\u00e4chsforschung. Universit\u00e4t M\u00fcnster, 22.02.2024-24.02.2024 [Irina Mostovaia gemeinsam mit Jens Philipp Lanwer, Karola Pitsch &amp; Maximilian Krug].<\/li>\n<\/ul>","protected":false},"excerpt":{"rendered":"<p>Publikationen in Bearbeitung Vortr\u00e4ge Workshops<\/p>","protected":false},"author":1,"featured_media":0,"parent":0,"menu_order":0,"comment_status":"closed","ping_status":"closed","template":"","meta":{"site-container-style":"default","site-container-layout":"default","site-sidebar-layout":"default","disable-article-header":"default","disable-site-header":"default","disable-site-footer":"default","disable-content-area-spacing":"default","footnotes":""},"class_list":["post-306","page","type-page","status-publish","hentry"],"publishpress_future_action":{"enabled":false,"date":"2026-05-10 15:23:56","action":"change-status","newStatus":"draft","terms":[],"taxonomy":"","extraData":[]},"publishpress_future_workflow_manual_trigger":{"enabledWorkflows":[]},"_links":{"self":[{"href":"https:\/\/tp5.forschungsgruppe-pronomen.de\/en\/wp-json\/wp\/v2\/pages\/306","targetHints":{"allow":["GET"]}}],"collection":[{"href":"https:\/\/tp5.forschungsgruppe-pronomen.de\/en\/wp-json\/wp\/v2\/pages"}],"about":[{"href":"https:\/\/tp5.forschungsgruppe-pronomen.de\/en\/wp-json\/wp\/v2\/types\/page"}],"author":[{"embeddable":true,"href":"https:\/\/tp5.forschungsgruppe-pronomen.de\/en\/wp-json\/wp\/v2\/users\/1"}],"replies":[{"embeddable":true,"href":"https:\/\/tp5.forschungsgruppe-pronomen.de\/en\/wp-json\/wp\/v2\/comments?post=306"}],"version-history":[{"count":9,"href":"https:\/\/tp5.forschungsgruppe-pronomen.de\/en\/wp-json\/wp\/v2\/pages\/306\/revisions"}],"predecessor-version":[{"id":492,"href":"https:\/\/tp5.forschungsgruppe-pronomen.de\/en\/wp-json\/wp\/v2\/pages\/306\/revisions\/492"}],"wp:attachment":[{"href":"https:\/\/tp5.forschungsgruppe-pronomen.de\/en\/wp-json\/wp\/v2\/media?parent=306"}],"curies":[{"name":"wp","href":"https:\/\/api.w.org\/{rel}","templated":true}]}}